{"id":6,"date":"2020-01-13T03:26:01","date_gmt":"2020-01-13T03:26:01","guid":{"rendered":"https:\/\/demosoledad.pencidesign.net\/soledad-perfume-business-multipurpose\/?page_id=6"},"modified":"2026-04-09T12:57:00","modified_gmt":"2026-04-09T10:57:00","slug":"soledad_home","status":"publish","type":"page","link":"https:\/\/architekci-nysa.pl\/","title":{"rendered":"Soledad_Strona G\u0142\u00f3wna"},"content":{"rendered":"\t\t<div data-elementor-type=\"wp-page\" data-elementor-id=\"6\" class=\"elementor elementor-6\">\n\t\t\t\t\t\t<section class=\"penci-section penci-disSticky penci-structure-10 elementor-section elementor-top-section elementor-element elementor-element-57b0528 elementor-section-full_width elementor-section-height-default elementor-section-height-default\" data-id=\"57b0528\" data-element_type=\"section\" data-e-type=\"section\">\n\t\t\t\t\t\t<div class=\"elementor-container elementor-column-gap-no\">\n\t\t\t\t\t<div class=\"penci-ercol-100 penci-ercol-order-1 penci-sticky-ct    elementor-column elementor-col-100 elementor-top-column elementor-element elementor-element-00d1b95\" data-id=\"00d1b95\" data-element_type=\"column\" data-e-type=\"column\">\n\t\t\t<div class=\"elementor-widget-wrap elementor-element-populated\">\n\t\t\t\t\t\t<section class=\"penci-section penci-dmcheck penci-elbg-activate penci-elbg-img penci-disSticky penci-structure-10 elementor-section elementor-inner-section elementor-element elementor-element-15d6570 elementor-section-content-middle elementor-section-boxed elementor-section-height-default elementor-section-height-default\" data-id=\"15d6570\" data-element_type=\"section\" data-e-type=\"section\" data-settings=\"{&quot;background_background&quot;:&quot;classic&quot;}\">\n\t\t\t\t\t\t\t<div class=\"elementor-background-overlay\"><\/div>\n\t\t\t\t\t\t\t<div class=\"elementor-container elementor-column-gap-default\">\n\t\t\t\t\t<div class=\"penci-ercol-100 penci-ercol-order-1 penci-sticky-ct    elementor-column elementor-col-100 elementor-inner-column elementor-element elementor-element-647dde0\" data-id=\"647dde0\" data-element_type=\"column\" data-e-type=\"column\">\n\t\t\t<div class=\"elementor-widget-wrap elementor-element-populated\">\n\t\t\t\t\t\t<div class=\"elementor-element elementor-element-c9134db elementor-widget elementor-widget-image\" data-id=\"c9134db\" data-element_type=\"widget\" data-e-type=\"widget\" data-widget_type=\"image.default\">\n\t\t\t\t<div class=\"elementor-widget-container\">\n\t\t\t\t\t\t\t\t\t\t\t\t\t\t\t<img decoding=\"async\" src=\"https:\/\/architekci-nysa.pl\/wp-content\/uploads\/elementor\/thumbs\/2-qf66athh082kioas498eavvldpgou1t5y053c1x2x0.png\" title=\"2\" alt=\"2\" loading=\"lazy\" \/>\t\t\t\t\t\t\t\t\t\t\t\t\t\t\t<\/div>\n\t\t\t\t<\/div>\n\t\t\t\t<div class=\"elementor-element elementor-element-f568793 elementor-widget elementor-widget-penci-fancy_heading\" data-id=\"f568793\" data-element_type=\"widget\" data-e-type=\"widget\" data-widget_type=\"penci-fancy_heading.default\">\n\t\t\t\t<div class=\"elementor-widget-container\">\n\t\t\t\t\t\t\t<div class=\"penci-fancy-heading penci-heading-text-center\">\r\n\t\t\t<div class=\"penci-fancy-heading-inner\">\r\n\t\t\t\t<h2 class=\"penci-heading-title\"><span class=\"inner-tit\">archi pl architekci<\/span><\/h2><div class=\"penci-heading-content entry-content\"><p>Odkryj nowy wymiar stylu i komfortu<br \/>\n\u2013 Twoje wn\u0119trze, moja magia projektowania!<\/p>\n<\/div>\t\t\t<\/div>\r\n\t\t<\/div>\r\n\t\t\t\t\t\t<\/div>\n\t\t\t\t<\/div>\n\t\t\t\t\t<\/div>\n\t\t<\/div>\n\t\t\t\t\t<\/div>\n\t\t<\/section>\n\t\t\t\t<div class=\"elementor-element elementor-element-41a8774 elementor-widget elementor-widget-image\" data-id=\"41a8774\" data-element_type=\"widget\" data-e-type=\"widget\" data-widget_type=\"image.default\">\n\t\t\t\t<div class=\"elementor-widget-container\">\n\t\t\t\t\t\t\t\t\t\t\t\t\t\t\t<img fetchpriority=\"high\" decoding=\"async\" width=\"724\" height=\"1024\" src=\"https:\/\/architekci-nysa.pl\/wp-content\/uploads\/2026\/04\/loga._1-2-724x1024.jpeg\" class=\"attachment-large size-large wp-image-389\" alt=\"\" srcset=\"https:\/\/architekci-nysa.pl\/wp-content\/uploads\/2026\/04\/loga._1-2-724x1024.jpeg 724w, https:\/\/architekci-nysa.pl\/wp-content\/uploads\/2026\/04\/loga._1-2-212x300.jpeg 212w, https:\/\/architekci-nysa.pl\/wp-content\/uploads\/2026\/04\/loga._1-2-768x1087.jpeg 768w, https:\/\/architekci-nysa.pl\/wp-content\/uploads\/2026\/04\/loga._1-2-1085x1536.jpeg 1085w, https:\/\/architekci-nysa.pl\/wp-content\/uploads\/2026\/04\/loga._1-2-1170x1656.jpeg 1170w, https:\/\/architekci-nysa.pl\/wp-content\/uploads\/2026\/04\/loga._1-2-585x828.jpeg 585w, https:\/\/architekci-nysa.pl\/wp-content\/uploads\/2026\/04\/loga._1-2.jpeg 1190w\" sizes=\"(max-width: 724px) 100vw, 724px\" \/>\t\t\t\t\t\t\t\t\t\t\t\t\t\t\t<\/div>\n\t\t\t\t<\/div>\n\t\t\t\t<div class=\"elementor-element elementor-element-e528125 elementor-widget elementor-widget-image\" data-id=\"e528125\" data-element_type=\"widget\" data-e-type=\"widget\" data-widget_type=\"image.default\">\n\t\t\t\t<div class=\"elementor-widget-container\">\n\t\t\t\t\t\t\t\t\t\t\t\t\t\t\t<img decoding=\"async\" width=\"1024\" height=\"178\" src=\"https:\/\/architekci-nysa.pl\/wp-content\/uploads\/2023\/11\/loga-na-strone-kopia-1024x178.png\" class=\"attachment-large size-large wp-image-353\" alt=\"\" srcset=\"https:\/\/architekci-nysa.pl\/wp-content\/uploads\/2023\/11\/loga-na-strone-kopia-1024x178.png 1024w, https:\/\/architekci-nysa.pl\/wp-content\/uploads\/2023\/11\/loga-na-strone-kopia-300x52.png 300w, https:\/\/architekci-nysa.pl\/wp-content\/uploads\/2023\/11\/loga-na-strone-kopia-768x134.png 768w, https:\/\/architekci-nysa.pl\/wp-content\/uploads\/2023\/11\/loga-na-strone-kopia-1536x267.png 1536w, https:\/\/architekci-nysa.pl\/wp-content\/uploads\/2023\/11\/loga-na-strone-kopia-1170x204.png 1170w, https:\/\/architekci-nysa.pl\/wp-content\/uploads\/2023\/11\/loga-na-strone-kopia-585x102.png 585w, https:\/\/architekci-nysa.pl\/wp-content\/uploads\/2023\/11\/loga-na-strone-kopia.png 1884w\" sizes=\"(max-width: 1024px) 100vw, 1024px\" \/>\t\t\t\t\t\t\t\t\t\t\t\t\t\t\t<\/div>\n\t\t\t\t<\/div>\n\t\t\t\t<div class=\"elementor-element elementor-element-ca2a01f elementor-widget__width-initial elementor-widget elementor-widget-penci-info-box\" data-id=\"ca2a01f\" data-element_type=\"widget\" data-e-type=\"widget\" data-widget_type=\"penci-info-box.default\">\n\t\t\t\t<div class=\"elementor-widget-container\">\n\t\t\t\t\t        <div id=\"penci_info_box_17341\" class=\"penci-block-vc penci-info-box penci-ibox-top-center penci-view-default penci-shape-circle\">\r\n            <div class=\"penci-ibox-inner\">\r\n\t\t\t\t\t\t\t\t<div class=\"penci-ibox-icon penci-ibox-icon--image\"><span class=\"penci-ibox-icon-fa\"><img decoding=\"async\" class=\"penci-ibox-img_active\" src=\"\" width=\"\" height=\"\"><img decoding=\"async\" class=\"penci-ibox-img_hover\" src=\"\" width=\"\" height=\"\"><\/span><\/div>                <div class=\"penci-ibox-content-wrap\">\r\n\t\t\t\t\t\t\t\t\t\t<h3\r\n                            class=\"penci-ibox-title\">\"Europejski Fundusz Rolny na rzecz Rozwoju Obszar\u00f3w Wiejskich: Europa inwestuj\u0105ca w obszary wiejskie\".\n<\/h3>\t\t\t\t\t\t\t\t\t\t                        <div class=\"penci-ibox-content\"><p>Operacja typu \"Premie na rozpocz\u0119cie dzia\u0142alno\u015bci pozarolniczej\" wsp\u00f3\u0142finansowana jest ze \u015brodk\u00f3w Unii Europejskiej w ramach poddzia\u0142ania \"Pomoc na rozpocz\u0119cie pozarolniczej dzia\u0142alno\u015bci gospodarczej na obszarach wiejskich\" Program Rozwoju Obszar\u00f3w Wiejskich na lata 2014-2020.<\/p>\n<p><span data-contrast=\"auto\">Operacja pn.\u00a0<\/span><b><span data-contrast=\"auto\">\u201eUtworzenie pracowni architektury i wn\u0119trz\u201d<\/span><\/b><span data-ccp-props=\"{&quot;134233117&quot;:false,&quot;134233118&quot;:false,&quot;335551550&quot;:2,&quot;335551620&quot;:2,&quot;335557856&quot;:16777215,&quot;335559738&quot;:0,&quot;335559739&quot;:240}\">\u00a0<\/span><\/p>\n<p><span data-contrast=\"auto\">Celem operacji jest podj\u0119cie dzia\u0142alno\u015bci gospodarczej dzia\u0142aj\u0105cej w zakresie architektury i architektury wn\u0119trz poprzez zakup sprz\u0119tu<\/span><span data-ccp-props=\"{&quot;134233117&quot;:false,&quot;134233118&quot;:false,&quot;335551550&quot;:2,&quot;335551620&quot;:2,&quot;335557856&quot;:16777215,&quot;335559738&quot;:0,&quot;335559739&quot;:240}\">\u00a0<\/span><\/p>\n<p><span data-contrast=\"auto\">Operacja\u00a0<\/span><span data-contrast=\"auto\">w ramach realizacji przez Stowarzyszenie Nyskie Ksi\u0119stwo Jezior i G\u00f3r Lokalnej Strategii Rozwoju<\/span><span data-ccp-props=\"{&quot;134233117&quot;:false,&quot;134233118&quot;:false,&quot;335551550&quot;:2,&quot;335551620&quot;:2,&quot;335557856&quot;:16777215,&quot;335559738&quot;:0,&quot;335559739&quot;:240}\">\u00a0<\/span><\/p>\n<\/div>\t\t\t\t\t                <\/div>\r\n            <\/div>\r\n        <\/div>\r\n\t\t\t\t\t\t<\/div>\n\t\t\t\t<\/div>\n\t\t\t\t\t<\/div>\n\t\t<\/div>\n\t\t\t\t\t<\/div>\n\t\t<\/section>\n\t\t\t\t<section class=\"penci-section penci-disSticky penci-structure-10 elementor-section elementor-top-section elementor-element elementor-element-703b599 elementor-section-full_width elementor-section-height-default elementor-section-height-default\" data-id=\"703b599\" data-element_type=\"section\" data-e-type=\"section\">\n\t\t\t\t\t\t<div class=\"elementor-container elementor-column-gap-no\">\n\t\t\t\t\t<div class=\"penci-ercol-100 penci-ercol-order-1 penci-sticky-ct    elementor-column elementor-col-100 elementor-top-column elementor-element elementor-element-349fb9f\" data-id=\"349fb9f\" data-element_type=\"column\" data-e-type=\"column\">\n\t\t\t<div class=\"elementor-widget-wrap elementor-element-populated\">\n\t\t\t\t\t\t<section class=\"penci-section penci-disSticky penci-structure-30 elementor-section elementor-inner-section elementor-element elementor-element-ad45175 elementor-section-full_width elementor-section-height-default elementor-section-height-default\" data-id=\"ad45175\" data-element_type=\"section\" data-e-type=\"section\">\n\t\t\t\t\t\t<div class=\"elementor-container elementor-column-gap-extended\">\n\t\t\t\t\t<div class=\"penci-ercol-33 penci-ercol-order-1 penci-sticky-sb penci-sidebarSC   elementor-column elementor-col-33 elementor-inner-column elementor-element elementor-element-02a6ef1\" data-id=\"02a6ef1\" data-element_type=\"column\" data-e-type=\"column\">\n\t\t\t<div class=\"elementor-widget-wrap elementor-element-populated\">\n\t\t\t\t\t\t<div class=\"elementor-element elementor-element-9f7c0ec elementor-widget elementor-widget-image\" data-id=\"9f7c0ec\" data-element_type=\"widget\" data-e-type=\"widget\" data-widget_type=\"image.default\">\n\t\t\t\t<div class=\"elementor-widget-container\">\n\t\t\t\t\t\t\t\t\t\t\t\t\t\t\t<img decoding=\"async\" width=\"1024\" height=\"640\" src=\"https:\/\/architekci-nysa.pl\/wp-content\/uploads\/2023\/11\/widok1-min-1024x640.jpg\" class=\"attachment-large size-large wp-image-214\" alt=\"\" srcset=\"https:\/\/architekci-nysa.pl\/wp-content\/uploads\/2023\/11\/widok1-min-1024x640.jpg 1024w, https:\/\/architekci-nysa.pl\/wp-content\/uploads\/2023\/11\/widok1-min-300x188.jpg 300w, https:\/\/architekci-nysa.pl\/wp-content\/uploads\/2023\/11\/widok1-min-768x480.jpg 768w, https:\/\/architekci-nysa.pl\/wp-content\/uploads\/2023\/11\/widok1-min-1536x960.jpg 1536w, https:\/\/architekci-nysa.pl\/wp-content\/uploads\/2023\/11\/widok1-min-1170x731.jpg 1170w, https:\/\/architekci-nysa.pl\/wp-content\/uploads\/2023\/11\/widok1-min-585x366.jpg 585w, https:\/\/architekci-nysa.pl\/wp-content\/uploads\/2023\/11\/widok1-min.jpg 1680w\" sizes=\"(max-width: 1024px) 100vw, 1024px\" \/>\t\t\t\t\t\t\t\t\t\t\t\t\t\t\t<\/div>\n\t\t\t\t<\/div>\n\t\t\t\t\t<\/div>\n\t\t<\/div>\n\t\t\t\t<div class=\"penci-ercol-33 penci-ercol-order-2 penci-sticky-sb penci-sidebarSC   elementor-column elementor-col-33 elementor-inner-column elementor-element elementor-element-81cbf45\" data-id=\"81cbf45\" data-element_type=\"column\" data-e-type=\"column\">\n\t\t\t<div class=\"elementor-widget-wrap elementor-element-populated\">\n\t\t\t\t\t\t<div class=\"elementor-element elementor-element-f86b20f elementor-widget elementor-widget-image\" data-id=\"f86b20f\" data-element_type=\"widget\" data-e-type=\"widget\" data-widget_type=\"image.default\">\n\t\t\t\t<div class=\"elementor-widget-container\">\n\t\t\t\t\t\t\t\t\t\t\t\t\t\t\t<img loading=\"lazy\" decoding=\"async\" width=\"1024\" height=\"640\" src=\"https:\/\/architekci-nysa.pl\/wp-content\/uploads\/2023\/11\/widok2-min-1024x640.jpg\" class=\"attachment-large size-large wp-image-212\" alt=\"\" srcset=\"https:\/\/architekci-nysa.pl\/wp-content\/uploads\/2023\/11\/widok2-min-1024x640.jpg 1024w, https:\/\/architekci-nysa.pl\/wp-content\/uploads\/2023\/11\/widok2-min-300x188.jpg 300w, https:\/\/architekci-nysa.pl\/wp-content\/uploads\/2023\/11\/widok2-min-768x480.jpg 768w, https:\/\/architekci-nysa.pl\/wp-content\/uploads\/2023\/11\/widok2-min-1536x960.jpg 1536w, https:\/\/architekci-nysa.pl\/wp-content\/uploads\/2023\/11\/widok2-min-1170x731.jpg 1170w, https:\/\/architekci-nysa.pl\/wp-content\/uploads\/2023\/11\/widok2-min-585x366.jpg 585w, https:\/\/architekci-nysa.pl\/wp-content\/uploads\/2023\/11\/widok2-min.jpg 1680w\" sizes=\"(max-width: 1024px) 100vw, 1024px\" \/>\t\t\t\t\t\t\t\t\t\t\t\t\t\t\t<\/div>\n\t\t\t\t<\/div>\n\t\t\t\t\t<\/div>\n\t\t<\/div>\n\t\t\t\t<div class=\"penci-ercol-33 penci-ercol-order-3 penci-sticky-sb penci-sidebarSC   elementor-column elementor-col-33 elementor-inner-column elementor-element elementor-element-7e108bf\" data-id=\"7e108bf\" data-element_type=\"column\" data-e-type=\"column\">\n\t\t\t<div class=\"elementor-widget-wrap elementor-element-populated\">\n\t\t\t\t\t\t<div class=\"elementor-element elementor-element-92359e9 elementor-widget elementor-widget-image\" data-id=\"92359e9\" data-element_type=\"widget\" data-e-type=\"widget\" data-widget_type=\"image.default\">\n\t\t\t\t<div class=\"elementor-widget-container\">\n\t\t\t\t\t\t\t\t\t\t\t\t\t\t\t<img loading=\"lazy\" decoding=\"async\" width=\"1024\" height=\"640\" src=\"https:\/\/architekci-nysa.pl\/wp-content\/uploads\/2023\/11\/widok3-min-1024x640.jpg\" class=\"attachment-large size-large wp-image-213\" alt=\"\" srcset=\"https:\/\/architekci-nysa.pl\/wp-content\/uploads\/2023\/11\/widok3-min-1024x640.jpg 1024w, https:\/\/architekci-nysa.pl\/wp-content\/uploads\/2023\/11\/widok3-min-300x188.jpg 300w, https:\/\/architekci-nysa.pl\/wp-content\/uploads\/2023\/11\/widok3-min-768x480.jpg 768w, https:\/\/architekci-nysa.pl\/wp-content\/uploads\/2023\/11\/widok3-min-1536x960.jpg 1536w, https:\/\/architekci-nysa.pl\/wp-content\/uploads\/2023\/11\/widok3-min-1170x731.jpg 1170w, https:\/\/architekci-nysa.pl\/wp-content\/uploads\/2023\/11\/widok3-min-585x366.jpg 585w, https:\/\/architekci-nysa.pl\/wp-content\/uploads\/2023\/11\/widok3-min.jpg 1680w\" sizes=\"(max-width: 1024px) 100vw, 1024px\" \/>\t\t\t\t\t\t\t\t\t\t\t\t\t\t\t<\/div>\n\t\t\t\t<\/div>\n\t\t\t\t\t<\/div>\n\t\t<\/div>\n\t\t\t\t\t<\/div>\n\t\t<\/section>\n\t\t\t\t\t<\/div>\n\t\t<\/div>\n\t\t\t\t\t<\/div>\n\t\t<\/section>\n\t\t\t\t<section class=\"penci-section penci-disSticky penci-structure-20 elementor-section elementor-top-section elementor-element elementor-element-243c829 elementor-section-content-middle elementor-section-boxed elementor-section-height-default elementor-section-height-default\" data-id=\"243c829\" data-element_type=\"section\" data-e-type=\"section\">\n\t\t\t\t\t\t<div class=\"elementor-container elementor-column-gap-wider\">\n\t\t\t\t\t<div class=\"penci-ercol-50 penci-ercol-order-1 penci-sticky-ct    elementor-column elementor-col-50 elementor-top-column elementor-element elementor-element-27683fd\" data-id=\"27683fd\" data-element_type=\"column\" data-e-type=\"column\">\n\t\t\t<div class=\"elementor-widget-wrap elementor-element-populated\">\n\t\t\t\t\t\t<div class=\"elementor-element elementor-element-d6f2949 elementor-widget elementor-widget-image\" data-id=\"d6f2949\" data-element_type=\"widget\" data-e-type=\"widget\" data-widget_type=\"image.default\">\n\t\t\t\t<div class=\"elementor-widget-container\">\n\t\t\t\t\t\t\t\t\t\t\t\t\t\t\t<img loading=\"lazy\" decoding=\"async\" width=\"960\" height=\"960\" src=\"https:\/\/architekci-nysa.pl\/wp-content\/uploads\/2023\/11\/MARTA-kopia.png\" class=\"attachment-large size-large wp-image-224\" alt=\"\" srcset=\"https:\/\/architekci-nysa.pl\/wp-content\/uploads\/2023\/11\/MARTA-kopia.png 960w, https:\/\/architekci-nysa.pl\/wp-content\/uploads\/2023\/11\/MARTA-kopia-300x300.png 300w, https:\/\/architekci-nysa.pl\/wp-content\/uploads\/2023\/11\/MARTA-kopia-150x150.png 150w, https:\/\/architekci-nysa.pl\/wp-content\/uploads\/2023\/11\/MARTA-kopia-768x768.png 768w, https:\/\/architekci-nysa.pl\/wp-content\/uploads\/2023\/11\/MARTA-kopia-585x585.png 585w\" sizes=\"(max-width: 960px) 100vw, 960px\" \/>\t\t\t\t\t\t\t\t\t\t\t\t\t\t\t<\/div>\n\t\t\t\t<\/div>\n\t\t\t\t\t<\/div>\n\t\t<\/div>\n\t\t\t\t<div class=\"penci-ercol-50 penci-ercol-order-2 penci-sticky-ct    elementor-column elementor-col-50 elementor-top-column elementor-element elementor-element-5e2432b\" data-id=\"5e2432b\" data-element_type=\"column\" data-e-type=\"column\">\n\t\t\t<div class=\"elementor-widget-wrap elementor-element-populated\">\n\t\t\t\t\t\t<div class=\"elementor-element elementor-element-62161eb elementor-widget elementor-widget-penci-fancy_heading\" data-id=\"62161eb\" data-element_type=\"widget\" data-e-type=\"widget\" data-widget_type=\"penci-fancy_heading.default\">\n\t\t\t\t<div class=\"elementor-widget-container\">\n\t\t\t\t\t\t\t<div class=\"penci-fancy-heading penci-heading-text-left\">\r\n\t\t\t<div class=\"penci-fancy-heading-inner\">\r\n\t\t\t\t<h2 class=\"penci-heading-title\"><span class=\"inner-tit\">O MNIE<\/span><\/h2><div class=\"penci-separator penci-separator- penci-separator-left\"><span class=\"penci-sep_holder penci-sep_holder_l\"><span class=\"penci-sep_line\"><\/span><\/span><span class=\"penci-sep_holder penci-sep_holder_r\"><span class=\"penci-sep_line\"><\/span><\/span><\/div><div class=\"penci-heading-content entry-content\"><p>Nazywam si\u0119 Marta G\u0142uszek, jestem do\u015bwiadczon\u0105 architektk\u0105 wn\u0119trz, kt\u00f3r\u0105 pasja do projektowania prowadzi\u0142a w nieoczekiwane, ale satysfakcjonuj\u0105ce rejony. Moja przygoda z projektowaniem wn\u0119trz rozpocz\u0119\u0142a si\u0119 kilka lat temu, zaskakuj\u0105c mnie swoim urokiem i wyzwaniem. Pomimo pierwotnych plan\u00f3w zwi\u0105zanych z architektur\u0105 kubaturow\u0105, odkry\u0142am w sobie niezwyk\u0142e umiej\u0119tno\u015bci w dziedzinie aran\u017cacji przestrzeni \u017cyciowej.<\/p>\n<p>W trakcie pocz\u0105tk\u00f3w pracy w biurze projektowym zdecydowa\u0142am si\u0119 pod\u0105\u017ca\u0107 now\u0105 \u015bcie\u017ck\u0105, odkrywaj\u0105c w projektowaniu wn\u0119trz swoje prawdziwe powo\u0142anie. Moja praktyka jest pe\u0142na pasji, a ka\u017cdy projekt traktuj\u0119 jako wyj\u0105tkowe wyzwanie do stworzenia przemy\u015blanych, funkcjonalnych i pi\u0119knych przestrzeni, a co najwa\u017cniejsze, zgodnych z oczekiwaniami klient\u00f3w.<\/p>\n<p>Jako artystyczna dusza czerpi\u0119 rado\u015b\u0107 z tworzenia harmonijnych kompozycji, gdzie ka\u017cdy detal ma znaczenie. Moj\u0105 misj\u0105 jest nie tylko dostarczanie estetycznych rozwi\u0105za\u0144, ale r\u00f3wnie\u017c projektowanie wn\u0119trz, kt\u00f3re odzwierciedlaj\u0105 indywidualno\u015b\u0107 i potrzeby Klient\u00f3w. Pozw\u00f3l mi przekszta\u0142ci\u0107 Twoje marzenia o idealnej przestrzeni w rzeczywisto\u015b\u0107!<\/p>\n<\/div>\t\t\t<\/div>\r\n\t\t<\/div>\r\n\t\t\t\t\t\t<\/div>\n\t\t\t\t<\/div>\n\t\t\t\t\t<\/div>\n\t\t<\/div>\n\t\t\t\t\t<\/div>\n\t\t<\/section>\n\t\t\t\t<section class=\"penci-section penci-disSticky penci-structure-10 elementor-section elementor-top-section elementor-element elementor-element-fc887b7 elementor-section-full_width elementor-section-height-default elementor-section-height-default\" data-id=\"fc887b7\" data-element_type=\"section\" data-e-type=\"section\">\n\t\t\t\t\t\t<div class=\"elementor-container elementor-column-gap-no\">\n\t\t\t\t\t<div class=\"penci-ercol-100 penci-ercol-order-1 penci-sticky-ct    elementor-column elementor-col-100 elementor-top-column elementor-element elementor-element-6ef6f0c\" data-id=\"6ef6f0c\" data-element_type=\"column\" data-e-type=\"column\">\n\t\t\t<div class=\"elementor-widget-wrap elementor-element-populated\">\n\t\t\t\t\t\t<section class=\"penci-section penci-dmcheck penci-elbg-activate penci-elbg-img penci-disSticky penci-structure-20 elementor-section elementor-inner-section elementor-element elementor-element-1a05271 elementor-section-content-middle elementor-section-boxed elementor-section-height-default elementor-section-height-default\" data-id=\"1a05271\" data-element_type=\"section\" data-e-type=\"section\" data-settings=\"{&quot;background_background&quot;:&quot;classic&quot;}\">\n\t\t\t\t\t\t\t<div class=\"elementor-background-overlay\"><\/div>\n\t\t\t\t\t\t\t<div class=\"elementor-container elementor-column-gap-extended\">\n\t\t\t\t\t<div class=\"penci-ercol-50 penci-ercol-order-1 penci-sticky-ct    elementor-column elementor-col-50 elementor-inner-column elementor-element elementor-element-7c760f7\" data-id=\"7c760f7\" data-element_type=\"column\" data-e-type=\"column\">\n\t\t\t<div class=\"elementor-widget-wrap\">\n\t\t\t\t\t\t\t<\/div>\n\t\t<\/div>\n\t\t\t\t<div class=\"penci-ercol-50 penci-ercol-order-2 penci-sticky-ct    elementor-column elementor-col-50 elementor-inner-column elementor-element elementor-element-882251b\" data-id=\"882251b\" data-element_type=\"column\" data-e-type=\"column\">\n\t\t\t<div class=\"elementor-widget-wrap elementor-element-populated\">\n\t\t\t\t\t\t<div class=\"elementor-element elementor-element-bdc84b4 elementor-widget__width-initial elementor-widget elementor-widget-penci-info-box\" data-id=\"bdc84b4\" data-element_type=\"widget\" data-e-type=\"widget\" data-widget_type=\"penci-info-box.default\">\n\t\t\t\t<div class=\"elementor-widget-container\">\n\t\t\t\t\t        <div id=\"penci_info_box_94688\" class=\"penci-block-vc penci-info-box penci-ibox-top-left penci-view-default penci-shape-circle\">\r\n            <div class=\"penci-ibox-inner\">\r\n\t\t\t\t\t\t\t\t<div class=\"penci-ibox-icon penci-ibox-icon--icon penci-icon penci-tibox-icon\"><span class=\"penci-ibox-icon-fa\"><i class=\"penci-ibox-icon--i fa fa-phone\" aria-hidden=\"true\"><\/i><\/span><\/div>                <div class=\"penci-ibox-content-wrap\">\r\n\t\t\t\t\t\t\t\t\t\t<h3\r\n                            class=\"penci-ibox-title\">kontakt<\/h3>\t\t\t\t\t\t\t\t\t\t                        <div class=\"penci-ibox-content\"><p>Tel: 697 927 130<\/p>\n<p>E: archi.pracownia@wp.pl<\/p>\n<\/div>\t\t\t\t\t                <\/div>\r\n            <\/div>\r\n        <\/div>\r\n\t\t\t\t\t\t<\/div>\n\t\t\t\t<\/div>\n\t\t\t\t\t<\/div>\n\t\t<\/div>\n\t\t\t\t\t<\/div>\n\t\t<\/section>\n\t\t\t\t\t<\/div>\n\t\t<\/div>\n\t\t\t\t\t<\/div>\n\t\t<\/section>\n\t\t\t\t<\/div>\n\t\t","protected":false},"excerpt":{"rendered":"<p>archi pl architekci Odkryj nowy wymiar stylu i komfortu \u2013 Twoje wn\u0119trze, moja magia projektowania! &#8222;Europejski Fundusz Rolny na rzecz Rozwoju Obszar\u00f3w Wiejskich: Europa inwestuj\u0105ca w obszary wiejskie&#8221;. Operacja typu&hellip;<\/p>\n","protected":false},"author":1,"featured_media":0,"parent":0,"menu_order":0,"comment_status":"closed","ping_status":"closed","template":"page-fullwidth.php","meta":{"footnotes":""},"class_list":["post-6","page","type-page","status-publish","hentry"],"_links":{"self":[{"href":"https:\/\/architekci-nysa.pl\/index.php\/wp-json\/wp\/v2\/pages\/6","targetHints":{"allow":["GET"]}}],"collection":[{"href":"https:\/\/architekci-nysa.pl\/index.php\/wp-json\/wp\/v2\/pages"}],"about":[{"href":"https:\/\/architekci-nysa.pl\/index.php\/wp-json\/wp\/v2\/types\/page"}],"author":[{"embeddable":true,"href":"https:\/\/architekci-nysa.pl\/index.php\/wp-json\/wp\/v2\/users\/1"}],"replies":[{"embeddable":true,"href":"https:\/\/architekci-nysa.pl\/index.php\/wp-json\/wp\/v2\/comments?post=6"}],"version-history":[{"count":50,"href":"https:\/\/architekci-nysa.pl\/index.php\/wp-json\/wp\/v2\/pages\/6\/revisions"}],"predecessor-version":[{"id":392,"href":"https:\/\/architekci-nysa.pl\/index.php\/wp-json\/wp\/v2\/pages\/6\/revisions\/392"}],"wp:attachment":[{"href":"https:\/\/architekci-nysa.pl\/index.php\/wp-json\/wp\/v2\/media?parent=6"}],"curies":[{"name":"wp","href":"https:\/\/api.w.org\/{rel}","templated":true}]}}